{"id":8331,"date":"2026-04-19T20:33:33","date_gmt":"2026-04-19T18:33:33","guid":{"rendered":"https:\/\/www.meditation-marseille.org\/wordpress\/?page_id=8331"},"modified":"2026-04-26T15:47:10","modified_gmt":"2026-04-26T13:47:10","slug":"retraite-avignon","status":"publish","type":"page","link":"https:\/\/www.meditation-marseille.org\/wordpress\/retraite-avignon\/","title":{"rendered":"Retraite de m\u00e9ditation pr\u00e8s d&rsquo;Avignon"},"content":{"rendered":"\n<h4 class=\"wp-block-heading\"><span style=\"font-size: 18pt;\">Le pouvoir de l&rsquo;imagination<br><\/span><span style=\"font-size: 14pt;\">Weekend du 13 et 14 juin 2026 \u00e0 Althen-des-Paluds<\/span><\/h4>\n\n\n\n<p><\/p>\n\n\n\n<div class=\"wp-block-buttons is-layout-flex wp-block-buttons-is-layout-flex\">\n<div class=\"wp-block-button\"><a class=\"wp-block-button__link wp-element-button\" href=\"https:\/\/www.helloasso.com\/associations\/centre-bouddhiste-kadampa-menlha\/evenements\/retraite-le-pouvoir-de-l-esprit\">Inscription<\/a><\/div>\n<\/div>\n\n\n\n<p><\/p>\n\n\n<div class=\"wp-block-image\">\n<figure class=\"aligncenter size-medium is-resized\"><img loading=\"lazy\" decoding=\"async\" width=\"300\" height=\"285\" src=\"https:\/\/www.meditation-marseille.org\/wordpress\/wp-content\/uploads\/2026\/04\/2026-06-13-insta-retraite-Avignon-carre-2-300x285.png\" alt=\"\" class=\"wp-image-8355\" style=\"aspect-ratio:1.0513257471435378;width:413px;height:auto\" srcset=\"https:\/\/www.meditation-marseille.org\/wordpress\/wp-content\/uploads\/2026\/04\/2026-06-13-insta-retraite-Avignon-carre-2-300x285.png 300w, https:\/\/www.meditation-marseille.org\/wordpress\/wp-content\/uploads\/2026\/04\/2026-06-13-insta-retraite-Avignon-carre-2-1024x974.png 1024w, https:\/\/www.meditation-marseille.org\/wordpress\/wp-content\/uploads\/2026\/04\/2026-06-13-insta-retraite-Avignon-carre-2-768x730.png 768w, https:\/\/www.meditation-marseille.org\/wordpress\/wp-content\/uploads\/2026\/04\/2026-06-13-insta-retraite-Avignon-carre-2.png 1080w\" sizes=\"auto, (max-width: 300px) 100vw, 300px\" \/><\/figure>\n<\/div>\n\n\n<p><\/p>\n\n\n\n<h4 class=\"wp-block-heading\"><strong>Pourquoi faire une retraite de m\u00e9ditation ?<\/strong><\/h4>\n\n\n<div class=\"wp-block-image\">\n<figure class=\"alignright size-large is-resized\"><img loading=\"lazy\" decoding=\"async\" width=\"936\" height=\"624\" src=\"https:\/\/www.meditation-marseille.org\/wordpress\/wp-content\/uploads\/2026\/01\/NKT_Meditation_0053-Copie.jpg\" alt=\"\" class=\"wp-image-8106\" style=\"width:302px;height:auto\" srcset=\"https:\/\/www.meditation-marseille.org\/wordpress\/wp-content\/uploads\/2026\/01\/NKT_Meditation_0053-Copie.jpg 936w, https:\/\/www.meditation-marseille.org\/wordpress\/wp-content\/uploads\/2026\/01\/NKT_Meditation_0053-Copie-300x200.jpg 300w, https:\/\/www.meditation-marseille.org\/wordpress\/wp-content\/uploads\/2026\/01\/NKT_Meditation_0053-Copie-768x512.jpg 768w\" sizes=\"auto, (max-width: 936px) 100vw, 936px\" \/><\/figure>\n<\/div>\n\n\n<p>Les retraites de m\u00e9ditation sont un moment privil\u00e9gi\u00e9 o\u00f9 nous arr\u00eatons ou limitons nos activit\u00e9s habituelles et nos distractions pour mettre l&rsquo;accent sur la m\u00e9ditation.<br>Au mois de juin, \u00e0 15 min d&rsquo;Avignon, les conditions sont id\u00e9ales pour faire un break, se retrouver et faire l&rsquo;exp\u00e9rience des bienfaits de la m\u00e9ditation.<br>C&rsquo;est aussi l&rsquo;occasion de rencontres et de moments d&rsquo;\u00e9changes profonds et inspirants.<\/p>\n\n\n\n<h4 class=\"wp-block-heading\"><strong>Le pouvoir de l&rsquo;imagination<\/strong><\/h4>\n\n\n\n<p>Durant cette retraite, Gu\u00e8n Kelsang Lhassang et Marlise Anthonioz, enseigneront et guideront des m\u00e9ditations accessibles \u00e0 toutes et tous. Elles partageront des enseignements de Bouddha pour nous aider \u00e0 comprendre le r\u00f4le cl\u00e9 que joue notre esprit dans nos exp\u00e9riences, positives ou n\u00e9gatives. Nous d\u00e9couvrirons comment l&rsquo;imagination peut \u00eatre un outil formidable de d\u00e9veloppement spirituel. Enfin elles partageront une introduction aux m\u00e9ditations du tantra bouddhiste, la m\u00e9thode supr\u00eame pour d\u00e9velopper tout notre potentiel.<\/p>\n\n\n\n<h4 class=\"wp-block-heading\"><strong>D\u00e9roulement de la retraite<\/strong><\/h4>\n\n\n<div class=\"wp-block-image\">\n<figure class=\"alignleft size-large is-resized\"><img loading=\"lazy\" decoding=\"async\" width=\"1024\" height=\"683\" src=\"https:\/\/www.meditation-marseille.org\/wordpress\/wp-content\/uploads\/2025\/02\/Stockphotos-Summer-2022_0387-1024x683.jpg\" alt=\"\" class=\"wp-image-7155\" style=\"width:314px;height:auto\" srcset=\"https:\/\/www.meditation-marseille.org\/wordpress\/wp-content\/uploads\/2025\/02\/Stockphotos-Summer-2022_0387-1024x683.jpg 1024w, https:\/\/www.meditation-marseille.org\/wordpress\/wp-content\/uploads\/2025\/02\/Stockphotos-Summer-2022_0387-300x200.jpg 300w, https:\/\/www.meditation-marseille.org\/wordpress\/wp-content\/uploads\/2025\/02\/Stockphotos-Summer-2022_0387-768x512.jpg 768w, https:\/\/www.meditation-marseille.org\/wordpress\/wp-content\/uploads\/2025\/02\/Stockphotos-Summer-2022_0387-1536x1024.jpg 1536w, https:\/\/www.meditation-marseille.org\/wordpress\/wp-content\/uploads\/2025\/02\/Stockphotos-Summer-2022_0387-2048x1365.jpg 2048w\" sizes=\"auto, (max-width: 1024px) 100vw, 1024px\" \/><\/figure>\n<\/div>\n\n\n<p>Chaque s\u00e9ance comporte une partie enseignement et une partie m\u00e9ditation guid\u00e9e. <br>Les s\u00e9ances durent 1h15.<br>En raison de l\u2019organisation de la salle de m\u00e9ditation, il sera majoritairement propos\u00e9 de m\u00e9diter sur des chaises. Les personnes qui le souhaitent peuvent apporter un coussin et tapis de m\u00e9ditation. <br><\/p>\n\n\n\n<h4 class=\"wp-block-heading\"><strong>Qui peut participer ?<\/strong><\/h4>\n\n\n\n<p>Cette retraite est ouverte \u00e0 toutes et tous sans aucun pr\u00e9requis. Il n&rsquo;est pas n\u00e9cessaire de connaitre la m\u00e9ditation ni d&rsquo;\u00eatre bouddhiste pour participer. <\/p>\n\n\n\n<h4 class=\"wp-block-heading\"><strong>Programme de la retraite<\/strong><\/h4>\n\n\n\n<p><strong>Samedi 13 juin<\/strong><br>10h00 \u2013 11h00 : Accueil de bienvenue<br>11h00 \u2013 12h15 : S\u00e9ance 1<br>12h30 \u2013 13h30 : D\u00e9jeuner<br>15h30 \u2013 16h45 : S\u00e9ance 2<br>17h45 \u2013 19h00 : S\u00e9ance 3<br>19h00 \u2013 20h00 : D\u00eener<br>20h30 \u2013 21h45 : Pri\u00e8res chant\u00e9es \u00ab Le Joyau qui exauce les souhaits \u00bb avec offrandes de Tsog<\/p>\n\n\n\n<p><strong>Dimanche 14 juin<\/strong><br>07h30 \u2013 08h30 : Petit-d\u00e9jeuner<br>09h00 \u2013 10h15 : S\u00e9ance 4<br>10h15 \u2013 11h15 : Collation et temps libre<br>11h15 \u2013 12h30 : S\u00e9ance 5<br>13h00 \u2013 14h00 : D\u00e9jeuner<br>14h30 \u2013 15h45 : S\u00e9ance 6<\/p>\n\n\n\n<h4 class=\"wp-block-heading\"><strong>H\u00e9bergements<\/strong><\/h4>\n\n\n\n<p>Pour cet \u00e9v\u00e8nement exceptionnel, nous ne proposons pas d&rsquo;h\u00e9bergement public en int\u00e9rieur.<br>Il est cependant possible de camper en ext\u00e9rieur en apportant votre mat\u00e9riel (tente, sac de couchage, etc.). Des douches et toilettes seront \u00e0 disposition des campeurs. <br><br>H\u00f4tels ind\u00e9pendants proches du lieu de la retraite :<br>&#8211; <a href=\"https:\/\/www.booking.com\/hotel\/fr\/moulin-de-la-roque.fr.html?aid=397594&amp;label=gog235jc-10CAEoggI46AdIDVgDaKkBiAEBmAEzuAEXyAEP2AED6AEB-AEBiAIBqAIBuALJzbfPBsACAdICJGZhYTk5ZTY0LTU5OTYtNGQzYS1iODQ2LTYzMDY3MmJmYWI2MNgCAeACAQ&amp;sid=33b6c526528bdaa05a9fdd532b022cdd&amp;all_sr_blocks=5514601_408249243_2_42_0&amp;checkin=2026-06-13&amp;checkout=2026-06-14&amp;dist=0&amp;group_adults=2&amp;group_children=0&amp;hapos=1&amp;highlighted_blocks=5514601_408249243_2_42_0&amp;hpos=1&amp;matching_block_id=5514601_408249243_2_42_0&amp;no_rooms=1&amp;req_adults=2&amp;req_children=0&amp;room1=A%2CA&amp;sb_price_type=total&amp;sr_order=distance_from_search&amp;sr_pri_blocks=5514601_408249243_2_42_0__10264&amp;srepoch=1777198819&amp;srpvid=227948aa30ac0fd1&amp;type=total&amp;ucfs=1&amp;\">Moulin de la Roque<\/a> (\u00e0 8 min \u00e0 pieds \/ 2 min en voiture)<br>&#8211; <a href=\"https:\/\/www.booking.com\/hotel\/fr\/hotelf1-avignon-nord.fr.html?aid=397594&amp;label=gog235jc-10CAEoggI46AdIDVgDaKkBiAEBmAEzuAEXyAEP2AED6AEB-AEBiAIBqAIBuAKHtJTPBsACAdICJGI5ZmRiM2MzLTYwNDctNDI0OS1hZWFiLTViZjgyMzk1NzRjNdgCAeACAQ-Share-87zGfth%401776622203-Share-fVCPn9k%401776622523&amp;sid=33b6c526528bdaa05a9fdd532b022cdd&amp;all_sr_blocks=65811905_94499567_2_2_0&amp;checkin=2026-06-13&amp;checkout=2026-06-14&amp;dest_id=-1471292&amp;dest_type=city&amp;dist=0&amp;group_adults=2&amp;group_children=0&amp;hapos=1&amp;highlighted_blocks=65811905_94499567_2_2_0&amp;hpos=1&amp;matching_block_id=65811905_94499567_2_2_0&amp;no_rooms=1&amp;req_adults=2&amp;req_children=0&amp;room1=A%2CA&amp;sb_price_type=total&amp;sr_order=popularity&amp;sr_pri_blocks=65811905_94499567_2_2_0__3465&amp;srepoch=1776622657&amp;srpvid=8df8809db33a06ea&amp;type=total&amp;ucfs=1&amp;\">H\u00f4tel F1 Avignon Nord<\/a> (\u00e0 7 min en voiture)<br>&#8211; <a href=\"https:\/\/www.booking.com\/hotel\/fr\/cityhotel.fr.html?aid=397594&amp;label=gog235jc-10CAEoggI46AdIDVgDaKkBiAEBmAEzuAEXyAEP2AED6AEB-AEBiAIBqAIBuAKHtJTPBsACAdICJGI5ZmRiM2MzLTYwNDctNDI0OS1hZWFiLTViZjgyMzk1NzRjNdgCAeACAQ-Share-dwAm6L%401776622602&amp;sid=33b6c526528bdaa05a9fdd532b022cdd&amp;all_sr_blocks=61333002_88554736_2_2_0&amp;checkin=2026-06-13&amp;checkout=2026-06-14&amp;dest_id=-1442827&amp;dest_type=city&amp;dist=0&amp;group_adults=2&amp;group_children=0&amp;hapos=1&amp;highlighted_blocks=61333002_88554736_2_2_0&amp;hpos=1&amp;matching_block_id=61333002_88554736_2_2_0&amp;no_rooms=1&amp;req_adults=2&amp;req_children=0&amp;room1=A%2CA&amp;sb_price_type=total&amp;sr_order=popularity&amp;sr_pri_blocks=61333002_88554736_2_2_0__4780&amp;srepoch=1776622615&amp;srpvid=9fc28087ec040628&amp;type=total&amp;ucfs=1&amp;\">Face West Le Pontet<\/a> (\u00e0 8 min en voiture)<br>&#8211; <a href=\"https:\/\/www.booking.com\/hotel\/fr\/premiere-classe-avignon-le-pontet.fr.html?aid=397594&amp;label=gog235jc-10CAEoggI46AdIDVgDaKkBiAEBmAEzuAEXyAEP2AED6AEB-AEBiAIBqAIBuAKHtJTPBsACAdICJGI5ZmRiM2MzLTYwNDctNDI0OS1hZWFiLTViZjgyMzk1NzRjNdgCAeACAQ-Share-PTVIiH%401776622446&amp;sid=33b6c526528bdaa05a9fdd532b022cdd&amp;all_sr_blocks=5456403_118326205_3_2_0&amp;checkin=2026-06-13&amp;checkout=2026-06-14&amp;dest_id=-1442827&amp;dest_type=city&amp;dist=0&amp;group_adults=2&amp;group_children=0&amp;hapos=1&amp;highlighted_blocks=5456403_118326205_3_2_0&amp;hpos=1&amp;matching_block_id=5456403_118326205_3_2_0&amp;no_rooms=1&amp;req_adults=2&amp;req_children=0&amp;room1=A%2CA&amp;sb_price_type=total&amp;sr_order=popularity&amp;sr_pri_blocks=5456403_118326205_3_2_0__4707&amp;srepoch=1776622692&amp;srpvid=54b480af5df80d1c&amp;type=total&amp;ucfs=1&amp;\">Premiere Classe Avignon Le Pontet<\/a> (\u00e0 9 min en voiture)<br>&#8211; <a href=\"https:\/\/www.booking.com\/hotel\/fr\/ibis-budget-avignon-nord-le-pontet.fr.html?aid=397594&amp;label=gog235jc-10CAEoggI46AdIDVgDaKkBiAEBmAEzuAEXyAEP2AED6AEB-AEBiAIBqAIBuAKHtJTPBsACAdICJGI5ZmRiM2MzLTYwNDctNDI0OS1hZWFiLTViZjgyMzk1NzRjNdgCAeACAQ&amp;sid=33b6c526528bdaa05a9fdd532b022cdd&amp;all_sr_blocks=113231708_94582885_2_2_0&amp;checkin=2026-06-13&amp;checkout=2026-06-14&amp;dest_id=-1442827&amp;dest_type=city&amp;dist=0&amp;group_adults=2&amp;group_children=0&amp;hapos=1&amp;highlighted_blocks=113231708_94582885_2_2_0&amp;hpos=1&amp;matching_block_id=113231708_94582885_2_2_0&amp;no_rooms=1&amp;req_adults=2&amp;req_children=0&amp;room1=A%2CA&amp;sb_price_type=total&amp;sr_order=popularity&amp;sr_pri_blocks=113231708_94582885_2_2_0__6700&amp;srepoch=1776622753&amp;srpvid=947b80ce146d002f&amp;type=total&amp;ucfs=1&amp;\">Ibis Budget Avignon Nord<\/a> (\u00e0 9 min en voiture)<\/p>\n\n\n\n<h4 class=\"wp-block-heading\"><strong>Repas <\/strong><\/h4>\n\n\n\n<ul class=\"wp-block-list\">\n<li>Des repas v\u00e9g\u00e9tariens seront propos\u00e9s sur place durant la retraite.<\/li>\n\n\n\n<li>Les repas suivants vous seront propos\u00e9s : samedi midi ; samedi soir ; dimanche matin (petit-d\u00e9jeuner) ; dimanche midi.<\/li>\n\n\n\n<li>En raison des contraintes d&rsquo;organisation, nous ne sommes pas en mesure de proposer de repas v\u00e9gan ou sans gluten.<\/li>\n\n\n\n<li>En cas de besoins particuliers, merci de nous contacter par mail : <a href=\"mailto:epc@meditation-marseille.org\">epc@meditation-marseille.org<\/a>. <\/li>\n<\/ul>\n\n\n\n<p><\/p>\n\n\n\n<h4 class=\"wp-block-heading\"><strong>Tarifs<\/strong><\/h4>\n\n\n\n<ul class=\"wp-block-list\">\n<li>Weekend complet, sans h\u00e9bergement, avec repas et petit d\u00e9jeuner : 90\u20ac<\/li>\n\n\n\n<li>Weekend complet, sans h\u00e9bergement, avec repas mais sans petit d\u00e9jeuner : 85\u20ac<\/li>\n\n\n\n<li>Journ\u00e9e seule (samedi ou dimanche) : 40\u20ac<\/li>\n\n\n\n<li>Option camping sur place : gratuit<\/li>\n\n\n\n<li>Repas suppl\u00e9mentaire : 10\u20ac<\/li>\n\n\n\n<li>R\u00e9duction pour les membres du PF ou pass m\u00e9ditation : -15%<\/li>\n<\/ul>\n\n\n\n<h4 class=\"wp-block-heading\"><strong>Infos pratiques<\/strong><\/h4>\n\n\n\n<p><span style=\"color: #333333;\">\ud83d\udccc <\/span>Lieu : <a href=\"https:\/\/maps.app.goo.gl\/RzCi6DjnD9jc7xDT8\">JRC Formation: 592 Rte de la Roque 84210 Althen-des-Paluds<\/a><br><span style=\"color: #333333;\">\ud83c\udfe0 <\/span>Il est possible de participer \u00e0 la retraite compl\u00e8te (samedi et dimanche) ou \u00e0 une journ\u00e9e seule. <br><span style=\"color: #333333;\">\u26a0\ufe0f <\/span>Date limite des inscriptions avec h\u00e9bergement ou avec repas : 31\/05\/2026<span style=\"color: #333333;\"><br><\/span><\/p>\n\n\n\n<h4 class=\"wp-block-heading\"><strong>Qui va guider la retraite ?<\/strong><\/h4>\n\n\n\n<div style=\"height:20px\" aria-hidden=\"true\" class=\"wp-block-spacer\"><\/div>\n\n\n\n<div class=\"wp-block-media-text has-media-on-the-right is-stacked-on-mobile is-vertically-aligned-center is-image-fill-element\" style=\"grid-template-columns:auto 30%\"><div class=\"wp-block-media-text__content\">\n<p><\/p>\n\n\n\n<p><strong>Gu\u00e8n Kelsang Lhassang<\/strong> est l\u2019enseignante principale du Centre Bouddhiste Kadampa de Marseille.<br><br>Elle nous transmet les enseignements de Bouddha avec patience et douceur en nous donnant des conseils pratiques pour nous permettre de d\u00e9velopper nos qualit\u00e9s et surmonter nos difficult\u00e9s.<br><br>Gu\u00e8n Kelsang Lhassang pratique le Bouddhisme Kadampa depuis pr\u00e8s de 20 ans et a re\u00e7u l\u2019ordination en 2007.<\/p>\n<\/div><figure class=\"wp-block-media-text__media\"><img loading=\"lazy\" decoding=\"async\" width=\"765\" height=\"1024\" src=\"https:\/\/www.meditation-marseille.org\/wordpress\/wp-content\/uploads\/2025\/12\/Guen-Kelsang-Lhassang-2025-765x1024.jpg\" alt=\"\" class=\"wp-image-7792 size-full\" style=\"object-position:49% 32%\" srcset=\"https:\/\/www.meditation-marseille.org\/wordpress\/wp-content\/uploads\/2025\/12\/Guen-Kelsang-Lhassang-2025-765x1024.jpg 765w, https:\/\/www.meditation-marseille.org\/wordpress\/wp-content\/uploads\/2025\/12\/Guen-Kelsang-Lhassang-2025-224x300.jpg 224w, https:\/\/www.meditation-marseille.org\/wordpress\/wp-content\/uploads\/2025\/12\/Guen-Kelsang-Lhassang-2025-768x1028.jpg 768w, https:\/\/www.meditation-marseille.org\/wordpress\/wp-content\/uploads\/2025\/12\/Guen-Kelsang-Lhassang-2025.jpg 983w\" sizes=\"auto, (max-width: 765px) 100vw, 765px\" \/><\/figure><\/div>\n\n\n\n<p><\/p>\n\n\n\n<div class=\"wp-block-media-text is-stacked-on-mobile is-image-fill-element\" style=\"grid-template-columns:30% auto\"><figure class=\"wp-block-media-text__media\"><img loading=\"lazy\" decoding=\"async\" width=\"683\" height=\"1024\" src=\"https:\/\/www.meditation-marseille.org\/wordpress\/wp-content\/uploads\/2025\/12\/Marlise-2-683x1024.jpg\" alt=\"\" class=\"wp-image-8344 size-full\" style=\"object-position:54% 43%\" srcset=\"https:\/\/www.meditation-marseille.org\/wordpress\/wp-content\/uploads\/2025\/12\/Marlise-2-683x1024.jpg 683w, https:\/\/www.meditation-marseille.org\/wordpress\/wp-content\/uploads\/2025\/12\/Marlise-2-200x300.jpg 200w, https:\/\/www.meditation-marseille.org\/wordpress\/wp-content\/uploads\/2025\/12\/Marlise-2-768x1152.jpg 768w, https:\/\/www.meditation-marseille.org\/wordpress\/wp-content\/uploads\/2025\/12\/Marlise-2-1024x1536.jpg 1024w, https:\/\/www.meditation-marseille.org\/wordpress\/wp-content\/uploads\/2025\/12\/Marlise-2-1365x2048.jpg 1365w, https:\/\/www.meditation-marseille.org\/wordpress\/wp-content\/uploads\/2025\/12\/Marlise-2-scaled.jpg 1707w\" sizes=\"auto, (max-width: 683px) 100vw, 683px\" \/><\/figure><div class=\"wp-block-media-text__content\">\n<p><br><strong>Marlise Anthonioz <\/strong>est l&rsquo;enseignante principale du Centre Bouddhiste Kadampa de Lyon. Elle pratique le bouddhisme depuis une quinzaine d\u2019ann\u00e9es.<br><br>En 2023 elle a suivi la formation sp\u00e9ciale des enseignants au centre m\u00e8re de la tradition Kadampa en Angleterre.<br><br>Sa foi, son amour pour les autres et son \u00e9nergie sont une in\u00e9puisable source d\u2019inspiration pour nous\u00a0tous.<\/p>\n<\/div><\/div>\n","protected":false},"excerpt":{"rendered":"<p>Le pouvoir de l&rsquo;imaginationWeekend du 13 et 14 juin 2026 \u00e0 Althen-des-Paluds Pourquoi faire une retraite de m\u00e9ditation ? Les retraites de m\u00e9ditation sont un moment privil\u00e9gi\u00e9 o\u00f9 nous arr\u00eatons <a class=\"more-link\" href=\"https:\/\/www.meditation-marseille.org\/wordpress\/retraite-avignon\/\">Continue Reading &rarr;<\/a><\/p>\n","protected":false},"author":1,"featured_media":0,"parent":0,"menu_order":0,"comment_status":"closed","ping_status":"closed","template":"","meta":{"footnotes":""},"class_list":["post-8331","page","type-page","status-publish","hentry"],"_links":{"self":[{"href":"https:\/\/www.meditation-marseille.org\/wordpress\/wp-json\/wp\/v2\/pages\/8331","targetHints":{"allow":["GET"]}}],"collection":[{"href":"https:\/\/www.meditation-marseille.org\/wordpress\/wp-json\/wp\/v2\/pages"}],"about":[{"href":"https:\/\/www.meditation-marseille.org\/wordpress\/wp-json\/wp\/v2\/types\/page"}],"author":[{"embeddable":true,"href":"https:\/\/www.meditation-marseille.org\/wordpress\/wp-json\/wp\/v2\/users\/1"}],"replies":[{"embeddable":true,"href":"https:\/\/www.meditation-marseille.org\/wordpress\/wp-json\/wp\/v2\/comments?post=8331"}],"version-history":[{"count":16,"href":"https:\/\/www.meditation-marseille.org\/wordpress\/wp-json\/wp\/v2\/pages\/8331\/revisions"}],"predecessor-version":[{"id":8376,"href":"https:\/\/www.meditation-marseille.org\/wordpress\/wp-json\/wp\/v2\/pages\/8331\/revisions\/8376"}],"wp:attachment":[{"href":"https:\/\/www.meditation-marseille.org\/wordpress\/wp-json\/wp\/v2\/media?parent=8331"}],"curies":[{"name":"wp","href":"https:\/\/api.w.org\/{rel}","templated":true}]}}