{"id":6818,"date":"2024-08-29T23:24:42","date_gmt":"2024-08-29T21:24:42","guid":{"rendered":"https:\/\/www.meditation-marseille.org\/wordpress\/?page_id=6818"},"modified":"2026-04-21T21:06:07","modified_gmt":"2026-04-21T19:06:07","slug":"stages-et-retraites-les-weekend","status":"publish","type":"page","link":"https:\/\/www.meditation-marseille.org\/wordpress\/stages-et-retraites-les-weekend\/","title":{"rendered":"Stages et retraites les weekend"},"content":{"rendered":"\n<h4 class=\"wp-block-heading\">Des \u00e9v\u00e8nements sp\u00e9ciaux sur un weekend complet<\/h4>\n\n\n\n<div style=\"height:24px\" aria-hidden=\"true\" class=\"wp-block-spacer\"><\/div>\n\n\n<div class=\"wp-block-image\">\n<figure class=\"aligncenter size-full is-resized\"><img loading=\"lazy\" decoding=\"async\" width=\"624\" height=\"416\" src=\"https:\/\/www.meditation-marseille.org\/wordpress\/wp-content\/uploads\/2024\/08\/NKT_Meditation_0060-low.jpg\" alt=\"\" class=\"wp-image-6831\" style=\"width:355px;height:auto\" srcset=\"https:\/\/www.meditation-marseille.org\/wordpress\/wp-content\/uploads\/2024\/08\/NKT_Meditation_0060-low.jpg 624w, https:\/\/www.meditation-marseille.org\/wordpress\/wp-content\/uploads\/2024\/08\/NKT_Meditation_0060-low-300x200.jpg 300w\" sizes=\"auto, (max-width: 624px) 100vw, 624px\" \/><\/figure>\n<\/div>\n\n\n<div class=\"wp-block-group\"><div class=\"wp-block-group__inner-container is-layout-constrained wp-block-group-is-layout-constrained\">\n<p><\/p>\n\n\n\n<p>Le centre propose plusieurs \u00e9v\u00e8nement se d\u00e9roulant sur tout un weekend. <br>Ces \u00e9v\u00e8nements peuvent \u00eatre : <\/p>\n\n\n\n<ul class=\"wp-block-list\">\n<li><strong>Stages de m\u00e9ditation<\/strong>, compos\u00e9s de 6 s\u00e9ances sur tout le weekend. Chaque s\u00e9ance comporte une partie enseignement et une partie m\u00e9ditation guid\u00e9e ainsi que de courtes pri\u00e8res chant\u00e9es.<br>Pour ces \u00e9v\u00e8nements, une participation financi\u00e8re est propos\u00e9e pour celles et ceux qui le peuvent. Tout le monde est bienvenu. <br><\/li>\n\n\n\n<li><strong>Retraites<\/strong>, compos\u00e9es de 6 s\u00e9ances sur tout le weekend. Ces s\u00e9ances comportent des pri\u00e8res chant\u00e9es avec g\u00e9n\u00e9ralement des r\u00e9citations de mantras ainsi que des temps en silence pour m\u00e9diter de notre c\u00f4t\u00e9. Il n&rsquo;y a pas d&rsquo;enseignement \u00e0 proprement parler durant ces s\u00e9ances, mais rassurez-vous, des explications pratiques sont donn\u00e9es pour savoir quoi faire pendant les s\u00e9ances. <br>Ces \u00e9v\u00e8nements sont gratuits et ouverts \u00e0 toutes et tous. <\/li>\n<\/ul>\n\n\n\n<div style=\"height:17px\" aria-hidden=\"true\" class=\"wp-block-spacer\"><\/div>\n\n\n\n<h4 class=\"wp-block-heading\">Infos pratiques<\/h4>\n\n\n\n<p>\u2705 R\u00e9servation conseill\u00e9e pour chacun de ces \u00e9v\u00e8nements<br>\u2705 Il est possible de participer au weekend entier ou au uniquement aux s\u00e9ances de votre choix<br>\u2705 Tout le monde est bienvenu, il n&rsquo;est pas n\u00e9cessaire d&rsquo;\u00eatre bouddhiste pour participer<br>\u2705&nbsp;Lieu :&nbsp;<a href=\"https:\/\/goo.gl\/FsCASY\" target=\"_blank\" rel=\"noreferrer noopener\">Centre Bouddhiste Kadampa Menlha, 8 Place Pierre Roux&nbsp; \u00e0 Marseille<\/a>&nbsp;(5 min m\u00e9tro Baille)<\/p>\n\n\n\n<h4 class=\"wp-block-heading\">Programme de janvier \u00e0 juin 2026<\/h4>\n<\/div><\/div>\n\n\n\n<div class=\"wp-block-group\"><div class=\"wp-block-group__inner-container is-layout-constrained wp-block-group-is-layout-constrained\">\n<div style=\"height:50px\" aria-hidden=\"true\" class=\"wp-block-spacer\"><\/div>\n\n\n\n<div class=\"wp-block-media-text is-stacked-on-mobile is-vertically-aligned-top\" style=\"grid-template-columns:37% auto\"><figure class=\"wp-block-media-text__media\"><a href=\"https:\/\/www.helloasso.com\/associations\/centre-bouddhiste-kadampa-menlha\/evenements\/stage-du-weekend-initiation-a-la-meditation\"><img loading=\"lazy\" decoding=\"async\" width=\"591\" height=\"591\" src=\"https:\/\/www.meditation-marseille.org\/wordpress\/wp-content\/uploads\/2025\/08\/Meditation-carre-zen-6.jpg\" alt=\"\" class=\"wp-image-7457 size-full\" srcset=\"https:\/\/www.meditation-marseille.org\/wordpress\/wp-content\/uploads\/2025\/08\/Meditation-carre-zen-6.jpg 591w, https:\/\/www.meditation-marseille.org\/wordpress\/wp-content\/uploads\/2025\/08\/Meditation-carre-zen-6-300x300.jpg 300w, https:\/\/www.meditation-marseille.org\/wordpress\/wp-content\/uploads\/2025\/08\/Meditation-carre-zen-6-150x150.jpg 150w\" sizes=\"auto, (max-width: 591px) 100vw, 591px\" \/><\/a><\/figure><div class=\"wp-block-media-text__content\">\n<h5 class=\"wp-block-heading alignfull\">Stage : Apprendre \u00e0 m\u00e9diter<\/h5>\n\n\n\n<p><strong>Weekend du 3 et 4 janvier 2026<\/strong><br>5 s\u00e9ances d&rsquo;enseignements et m\u00e9ditations guid\u00e9es sur le weekend. <\/p>\n\n\n\n<p>Pour se lancer ou progresser en m\u00e9ditation, rien de mieux que de faire \u00e7a en groupe et d&rsquo;\u00eatre guid\u00e9. Pendant ces s\u00e9ances Gu\u00e8n Lhassang donnera des conseils pour apprendre \u00e0 m\u00e9diter, progresser et \u00e9viter les erreurs classiques. <\/p>\n\n\n\n<div class=\"wp-block-buttons is-layout-flex wp-block-buttons-is-layout-flex\">\n<div class=\"wp-block-button\"><a class=\"wp-block-button__link wp-element-button\" href=\"https:\/\/www.helloasso.com\/associations\/centre-bouddhiste-kadampa-menlha\/evenements\/stage-du-weekend-initiation-a-la-meditation\">Inscription en ligne<\/a><\/div>\n<\/div>\n<\/div><\/div>\n\n\n\n<div style=\"height:50px\" aria-hidden=\"true\" class=\"wp-block-spacer\"><\/div>\n\n\n\n<div class=\"wp-block-media-text is-stacked-on-mobile is-vertically-aligned-top\" style=\"grid-template-columns:37% auto\"><figure class=\"wp-block-media-text__media\"><a href=\"https:\/\/www.helloasso.com\/associations\/centre-bouddhiste-kadampa-menlha\/evenements\/retraite-amitayous\"><img loading=\"lazy\" decoding=\"async\" width=\"1024\" height=\"875\" src=\"https:\/\/www.meditation-marseille.org\/wordpress\/wp-content\/uploads\/2024\/08\/Buddha-Amitayus1-Copie-1024x875.jpg\" alt=\"\" class=\"wp-image-6824 size-full\" srcset=\"https:\/\/www.meditation-marseille.org\/wordpress\/wp-content\/uploads\/2024\/08\/Buddha-Amitayus1-Copie-1024x875.jpg 1024w, https:\/\/www.meditation-marseille.org\/wordpress\/wp-content\/uploads\/2024\/08\/Buddha-Amitayus1-Copie-300x256.jpg 300w, https:\/\/www.meditation-marseille.org\/wordpress\/wp-content\/uploads\/2024\/08\/Buddha-Amitayus1-Copie-768x657.jpg 768w, https:\/\/www.meditation-marseille.org\/wordpress\/wp-content\/uploads\/2024\/08\/Buddha-Amitayus1-Copie-1536x1313.jpg 1536w, https:\/\/www.meditation-marseille.org\/wordpress\/wp-content\/uploads\/2024\/08\/Buddha-Amitayus1-Copie-2048x1751.jpg 2048w\" sizes=\"auto, (max-width: 1024px) 100vw, 1024px\" \/><\/a><\/figure><div class=\"wp-block-media-text__content\">\n<h5 class=\"wp-block-heading alignfull\">Retraite de longue vie de Bouddha Amitayous<\/h5>\n\n\n\n<p><strong>Weekend du 17 et 18 janvier<\/strong><br><br>Au cours de cette retraite de pri\u00e8res et de r\u00e9citation de mantras, nous recevrons les b\u00e9n\u00e9dictions d\u2019Amitayous, le bouddha de la longue vie, de la sagesse et de la bonne fortune.<br>Toutes les s\u00e9ances sont gratuites<a href=\"https:\/\/www.billetweb.fr\/retraite-amitayous\">.<\/a><\/p>\n\n\n\n<div class=\"wp-block-buttons is-layout-flex wp-block-buttons-is-layout-flex\">\n<div class=\"wp-block-button\"><a class=\"wp-block-button__link wp-element-button\">Inscription en ligne (gratuit)<\/a><\/div>\n<\/div>\n<\/div><\/div>\n\n\n\n<div style=\"height:50px\" aria-hidden=\"true\" class=\"wp-block-spacer\"><\/div>\n\n\n\n<div class=\"wp-block-media-text is-stacked-on-mobile is-vertically-aligned-top\" style=\"grid-template-columns:37% auto\"><figure class=\"wp-block-media-text__media\"><img loading=\"lazy\" decoding=\"async\" width=\"591\" height=\"591\" src=\"https:\/\/www.meditation-marseille.org\/wordpress\/wp-content\/uploads\/2025\/08\/Meditation-carre-zen-7.jpg\" alt=\"\" class=\"wp-image-7461 size-full\" srcset=\"https:\/\/www.meditation-marseille.org\/wordpress\/wp-content\/uploads\/2025\/08\/Meditation-carre-zen-7.jpg 591w, https:\/\/www.meditation-marseille.org\/wordpress\/wp-content\/uploads\/2025\/08\/Meditation-carre-zen-7-300x300.jpg 300w, https:\/\/www.meditation-marseille.org\/wordpress\/wp-content\/uploads\/2025\/08\/Meditation-carre-zen-7-150x150.jpg 150w\" sizes=\"auto, (max-width: 591px) 100vw, 591px\" \/><\/figure><div class=\"wp-block-media-text__content\">\n<h5 class=\"wp-block-heading alignfull\">Retraite de refuge (annul\u00e9e)<\/h5>\n\n\n\n<p><strong>Dimanche 1<sup>er<\/sup> mars<\/strong><br><br>Cette retraite de pri\u00e8res chant\u00e9es avec m\u00e9ditations (non guid\u00e9es) nous permettra d\u2019approfondir notre pratique du refuge, c\u2019est \u00e0 dire de rendre plus puissant notre d\u00e9termination de nous appuyer sur les trois Joyaux : Bouddha, le dharma et la sangha.<br>Toutes les s\u00e9ances sont gratuites<br><\/p>\n<\/div><\/div>\n\n\n\n<div style=\"height:50px\" aria-hidden=\"true\" class=\"wp-block-spacer\"><\/div>\n\n\n\n<div class=\"wp-block-media-text is-stacked-on-mobile is-vertically-aligned-top\" style=\"grid-template-columns:37% auto\"><figure class=\"wp-block-media-text__media\"><a href=\"https:\/\/www.meditation-marseille.org\/wordpress\/retraite-campagne\/\"><img loading=\"lazy\" decoding=\"async\" width=\"591\" height=\"591\" src=\"https:\/\/www.meditation-marseille.org\/wordpress\/wp-content\/uploads\/2025\/08\/Carre-campagne.jpg\" alt=\"\" class=\"wp-image-7463 size-full\" srcset=\"https:\/\/www.meditation-marseille.org\/wordpress\/wp-content\/uploads\/2025\/08\/Carre-campagne.jpg 591w, https:\/\/www.meditation-marseille.org\/wordpress\/wp-content\/uploads\/2025\/08\/Carre-campagne-300x300.jpg 300w, https:\/\/www.meditation-marseille.org\/wordpress\/wp-content\/uploads\/2025\/08\/Carre-campagne-150x150.jpg 150w\" sizes=\"auto, (max-width: 591px) 100vw, 591px\" \/><\/a><\/figure><div class=\"wp-block-media-text__content\">\n<h5 class=\"wp-block-heading alignfull\">Weekend de retraite \u00e0 la campagne<\/h5>\n\n\n\n<p><strong>Weekend du 13 au 15 mars<\/strong><br><br>Participez \u00e0 cette 2\u00e8me \u00e9dition de notre retraite \u00e0 la campagne organis\u00e9e avec le Centre Bouddhiste Kadampa de Nice !<br><br><a href=\"https:\/\/www.meditation-marseille.org\/wordpress\/retraite-campagne\/\">Plus d&rsquo;infos<\/a><\/p>\n<\/div><\/div>\n\n\n\n<div style=\"height:50px\" aria-hidden=\"true\" class=\"wp-block-spacer\"><\/div>\n\n\n\n<div class=\"wp-block-media-text is-stacked-on-mobile is-vertically-aligned-top\" style=\"grid-template-columns:37% auto\"><figure class=\"wp-block-media-text__media\"><img loading=\"lazy\" decoding=\"async\" width=\"591\" height=\"591\" src=\"https:\/\/www.meditation-marseille.org\/wordpress\/wp-content\/uploads\/2025\/08\/Carre-Avalokiteshvara-1000-bras.jpg\" alt=\"\" class=\"wp-image-7464 size-full\" srcset=\"https:\/\/www.meditation-marseille.org\/wordpress\/wp-content\/uploads\/2025\/08\/Carre-Avalokiteshvara-1000-bras.jpg 591w, https:\/\/www.meditation-marseille.org\/wordpress\/wp-content\/uploads\/2025\/08\/Carre-Avalokiteshvara-1000-bras-300x300.jpg 300w, https:\/\/www.meditation-marseille.org\/wordpress\/wp-content\/uploads\/2025\/08\/Carre-Avalokiteshvara-1000-bras-150x150.jpg 150w\" sizes=\"auto, (max-width: 591px) 100vw, 591px\" \/><\/figure><div class=\"wp-block-media-text__content\">\n<h5 class=\"wp-block-heading alignfull\">Retraite de purification de Nyoung&rsquo;N\u00e9<\/h5>\n\n\n\n<p><strong>Weekend du 18 et 19 avril<\/strong><br><br>Cette pratique de prosternations, de je\u00fbne et de pri\u00e8res est tr\u00e8s puissante pour purifier les actions n\u00e9gatives que nous avons effectu\u00e9es par le pass\u00e9, et pour diminuer nos \u00e9tats d\u2019esprit n\u00e9gatifs tels que l\u2019attachement ou la col\u00e8re.<br>Toutes les s\u00e9ances sont gratuites.<br><a href=\"https:\/\/www.meditation-marseille.org\/wordpress\/retraite-de-nyoung-ne\/\">Infos et inscriptions<\/a><\/p>\n<\/div><\/div>\n\n\n\n<div style=\"height:50px\" aria-hidden=\"true\" class=\"wp-block-spacer\"><\/div>\n\n\n\n<div class=\"wp-block-media-text is-stacked-on-mobile is-vertically-aligned-top\" style=\"grid-template-columns:37% auto\"><figure class=\"wp-block-media-text__media\"><img loading=\"lazy\" decoding=\"async\" width=\"591\" height=\"591\" src=\"https:\/\/www.meditation-marseille.org\/wordpress\/wp-content\/uploads\/2025\/08\/Carre-mort.jpg\" alt=\"\" class=\"wp-image-7465 size-full\" srcset=\"https:\/\/www.meditation-marseille.org\/wordpress\/wp-content\/uploads\/2025\/08\/Carre-mort.jpg 591w, https:\/\/www.meditation-marseille.org\/wordpress\/wp-content\/uploads\/2025\/08\/Carre-mort-300x300.jpg 300w, https:\/\/www.meditation-marseille.org\/wordpress\/wp-content\/uploads\/2025\/08\/Carre-mort-150x150.jpg 150w\" sizes=\"auto, (max-width: 591px) 100vw, 591px\" \/><\/figure><div class=\"wp-block-media-text__content\">\n<h5 class=\"wp-block-heading alignfull\">Stage : La mort dans le bouddhisme<\/h5>\n\n\n\n<p><strong>Weekend du 9 et 10 mai<\/strong><br>5 s\u00e9ances d&rsquo;enseignements et m\u00e9ditations guid\u00e9es sur le weekend.<br><br>Durant ce stage, nous d\u00e9couvrirons les r\u00e9ponses que propose le bouddhisme \u00e0 la question de la mort et comment nous pr\u00e9parer \u00e0 notre mort et accompagner nos proches dans cette \u00e9preuve. <br><br>Inscriptions \u00e0 venir&#8230;<\/p>\n<\/div><\/div>\n\n\n\n<div style=\"height:50px\" aria-hidden=\"true\" class=\"wp-block-spacer\"><\/div>\n\n\n\n<div class=\"wp-block-media-text is-stacked-on-mobile is-vertically-aligned-top\" style=\"grid-template-columns:37% auto\"><figure class=\"wp-block-media-text__media\"><img loading=\"lazy\" decoding=\"async\" width=\"591\" height=\"591\" src=\"https:\/\/www.meditation-marseille.org\/wordpress\/wp-content\/uploads\/2025\/08\/Carre-VGL.jpg\" alt=\"\" class=\"wp-image-7468 size-full\" srcset=\"https:\/\/www.meditation-marseille.org\/wordpress\/wp-content\/uploads\/2025\/08\/Carre-VGL.jpg 591w, https:\/\/www.meditation-marseille.org\/wordpress\/wp-content\/uploads\/2025\/08\/Carre-VGL-300x300.jpg 300w, https:\/\/www.meditation-marseille.org\/wordpress\/wp-content\/uploads\/2025\/08\/Carre-VGL-150x150.jpg 150w\" sizes=\"auto, (max-width: 591px) 100vw, 591px\" \/><\/figure><div class=\"wp-block-media-text__content\">\n<h5 class=\"wp-block-heading alignfull\">Retraite d&rsquo;offrande de foi et d&rsquo;offrande de mandala<\/h5>\n\n\n\n<p><strong>Weekend du 6 et 7 juin<\/strong><br><br>Le samedi 6 juin sera consacr\u00e9 \u00e0 la r\u00e9citation du mantra de Gu\u00e9sh\u00e9-la en conjonction avec la pri\u00e8re <em>Les centaines de d\u00e9it\u00e9s du pays joyeux<\/em>. <br>Le dimanche 7 juin sera consacr\u00e9 aux offrandes de mandala, une mani\u00e8re puissante d&rsquo;accumuler une grande quantit\u00e9 de karma positif. <br><br>Inscriptions \u00e0 venir&#8230;<\/p>\n<\/div><\/div>\n\n\n\n<div style=\"height:50px\" aria-hidden=\"true\" class=\"wp-block-spacer\"><\/div>\n\n\n\n<div class=\"wp-block-media-text is-stacked-on-mobile is-vertically-aligned-top\" style=\"grid-template-columns:37% auto\"><figure class=\"wp-block-media-text__media\"><img loading=\"lazy\" decoding=\"async\" width=\"591\" height=\"591\" src=\"https:\/\/www.meditation-marseille.org\/wordpress\/wp-content\/uploads\/2025\/08\/Carre-campagne.jpg\" alt=\"\" class=\"wp-image-7463 size-full\" srcset=\"https:\/\/www.meditation-marseille.org\/wordpress\/wp-content\/uploads\/2025\/08\/Carre-campagne.jpg 591w, https:\/\/www.meditation-marseille.org\/wordpress\/wp-content\/uploads\/2025\/08\/Carre-campagne-300x300.jpg 300w, https:\/\/www.meditation-marseille.org\/wordpress\/wp-content\/uploads\/2025\/08\/Carre-campagne-150x150.jpg 150w\" sizes=\"auto, (max-width: 591px) 100vw, 591px\" \/><\/figure><div class=\"wp-block-media-text__content\">\n<h5 class=\"wp-block-heading alignfull\">Weekend de retraite \u00e0 Avignon : le pouvoir de l&rsquo;imagination<\/h5>\n\n\n\n<p><strong>Weekend du 13 et 14 juin<\/strong><br><br>Participez \u00e0 cette 1\u00e8re \u00e9dition d&rsquo;une retraite organis\u00e9e avec le Centre Bouddhiste Kadampa de Lyon. Ces s\u00e9ances guid\u00e9es seront une pr\u00e9paration id\u00e9ale aux m\u00e9ditations du tantra du yoga supr\u00eame et au festival international d&rsquo;\u00e9t\u00e9 2026.<br><br>Plus d&rsquo;infos \u00e0 venir&#8230;<\/p>\n<\/div><\/div>\n\n\n\n<p><\/p>\n\n\n\n<h4 class=\"wp-block-heading\">Qui va animer ces stages et retraites ? <\/h4>\n<\/div><\/div>\n\n\n\n<div class=\"wp-block-media-text has-media-on-the-right is-stacked-on-mobile is-vertically-aligned-center is-image-fill-element\" style=\"grid-template-columns:auto 30%\"><div class=\"wp-block-media-text__content\">\n<p><\/p>\n\n\n\n<p><strong>Gu\u00e8n Kelsang Lhassang<\/strong> est l\u2019enseignante principale du Centre Bouddhiste Kadampa de Marseille.<br><br>Elle nous transmet les enseignements de Bouddha avec patience et douceur en nous donnant des conseils pratiques pour nous permettre de d\u00e9velopper nos qualit\u00e9s et surmonter nos difficult\u00e9s.<br><br>Gu\u00e8n Kelsang Lhassang pratique le Bouddhisme Kadampa depuis pr\u00e8s de 20 ans et a re\u00e7u l\u2019ordination en 2007.<\/p>\n<\/div><figure class=\"wp-block-media-text__media\"><img loading=\"lazy\" decoding=\"async\" width=\"765\" height=\"1024\" src=\"https:\/\/www.meditation-marseille.org\/wordpress\/wp-content\/uploads\/2025\/12\/Guen-Kelsang-Lhassang-2025-765x1024.jpg\" alt=\"\" class=\"wp-image-7792 size-full\" style=\"object-position:49% 32%\" srcset=\"https:\/\/www.meditation-marseille.org\/wordpress\/wp-content\/uploads\/2025\/12\/Guen-Kelsang-Lhassang-2025-765x1024.jpg 765w, https:\/\/www.meditation-marseille.org\/wordpress\/wp-content\/uploads\/2025\/12\/Guen-Kelsang-Lhassang-2025-224x300.jpg 224w, https:\/\/www.meditation-marseille.org\/wordpress\/wp-content\/uploads\/2025\/12\/Guen-Kelsang-Lhassang-2025-768x1028.jpg 768w, https:\/\/www.meditation-marseille.org\/wordpress\/wp-content\/uploads\/2025\/12\/Guen-Kelsang-Lhassang-2025.jpg 983w\" sizes=\"auto, (max-width: 765px) 100vw, 765px\" \/><\/figure><\/div>\n","protected":false},"excerpt":{"rendered":"<p>Des \u00e9v\u00e8nements sp\u00e9ciaux sur un weekend complet Le centre propose plusieurs \u00e9v\u00e8nement se d\u00e9roulant sur tout un weekend. Ces \u00e9v\u00e8nements peuvent \u00eatre : Infos pratiques \u2705 R\u00e9servation conseill\u00e9e pour chacun <a class=\"more-link\" href=\"https:\/\/www.meditation-marseille.org\/wordpress\/stages-et-retraites-les-weekend\/\">Continue Reading &rarr;<\/a><\/p>\n","protected":false},"author":1,"featured_media":0,"parent":0,"menu_order":0,"comment_status":"closed","ping_status":"closed","template":"","meta":{"footnotes":""},"class_list":["post-6818","page","type-page","status-publish","hentry"],"_links":{"self":[{"href":"https:\/\/www.meditation-marseille.org\/wordpress\/wp-json\/wp\/v2\/pages\/6818","targetHints":{"allow":["GET"]}}],"collection":[{"href":"https:\/\/www.meditation-marseille.org\/wordpress\/wp-json\/wp\/v2\/pages"}],"about":[{"href":"https:\/\/www.meditation-marseille.org\/wordpress\/wp-json\/wp\/v2\/types\/page"}],"author":[{"embeddable":true,"href":"https:\/\/www.meditation-marseille.org\/wordpress\/wp-json\/wp\/v2\/users\/1"}],"replies":[{"embeddable":true,"href":"https:\/\/www.meditation-marseille.org\/wordpress\/wp-json\/wp\/v2\/comments?post=6818"}],"version-history":[{"count":20,"href":"https:\/\/www.meditation-marseille.org\/wordpress\/wp-json\/wp\/v2\/pages\/6818\/revisions"}],"predecessor-version":[{"id":8350,"href":"https:\/\/www.meditation-marseille.org\/wordpress\/wp-json\/wp\/v2\/pages\/6818\/revisions\/8350"}],"wp:attachment":[{"href":"https:\/\/www.meditation-marseille.org\/wordpress\/wp-json\/wp\/v2\/media?parent=6818"}],"curies":[{"name":"wp","href":"https:\/\/api.w.org\/{rel}","templated":true}]}}